{"id":2968,"date":"2025-01-29T11:14:18","date_gmt":"2025-01-29T10:14:18","guid":{"rendered":"https:\/\/www.susannehenris.com\/blog\/?page_id=2968"},"modified":"2025-02-07T08:55:33","modified_gmt":"2025-02-07T07:55:33","slug":"portfolio-hier-findest-du-galerien-einiger-meiner-arbeiten","status":"publish","type":"page","link":"https:\/\/www.susannehenris.com\/blog\/portfolio-hier-findest-du-galerien-einiger-meiner-arbeiten\/","title":{"rendered":"Portfolio- Hier findest du Galerien einiger meiner Arbeiten"},"content":{"rendered":"\t\t<div data-elementor-type=\"wp-page\" data-elementor-id=\"2968\" class=\"elementor elementor-2968\">\n\t\t\t\t\t\t<section class=\"elementor-section elementor-top-section elementor-element elementor-element-e509362 elementor-section-boxed elementor-section-height-default elementor-section-height-default\" data-id=\"e509362\" data-element_type=\"section\" data-e-type=\"section\">\n\t\t\t\t\t\t<div class=\"elementor-container elementor-column-gap-default\">\n\t\t\t\t\t<div class=\"elementor-column elementor-col-100 elementor-top-column elementor-element elementor-element-082ec7d\" data-id=\"082ec7d\" data-element_type=\"column\" data-e-type=\"column\">\n\t\t\t<div class=\"elementor-widget-wrap elementor-element-populated\">\n\t\t\t\t\t\t<div class=\"elementor-element elementor-element-540560a elementor-widget elementor-widget-text-editor\" data-id=\"540560a\" data-element_type=\"widget\" data-e-type=\"widget\" data-widget_type=\"text-editor.default\">\n\t\t\t\t<div class=\"elementor-widget-container\">\n\t\t\t\t\t\t\t\t\t<h2>Entdecke mein Portfolio<\/h2><p>authentische und emotionale Fotogalerien von Schwangerschaft, Neugeborenen und Familien. Hier findest du einige Referenzbilder, die im Laufe meiner T\u00e4tigkeit entstanden sind. Die Bilder sind immer ein Zusammenwirkund der zu fotografierenden Personen und des Fotografen\/ der Fotografin \u2764\ufe0f<\/p>\t\t\t\t\t\t\t\t<\/div>\n\t\t\t\t<\/div>\n\t\t\t\t\t<\/div>\n\t\t<\/div>\n\t\t\t\t\t<\/div>\n\t\t<\/section>\n\t\t\t\t<section class=\"elementor-section elementor-top-section elementor-element elementor-element-5f549c1 elementor-section-boxed elementor-section-height-default elementor-section-height-default\" data-id=\"5f549c1\" data-element_type=\"section\" data-e-type=\"section\">\n\t\t\t\t\t\t<div class=\"elementor-container elementor-column-gap-default\">\n\t\t\t\t\t<div class=\"elementor-column elementor-col-100 elementor-top-column elementor-element elementor-element-aa1ca35\" data-id=\"aa1ca35\" data-element_type=\"column\" data-e-type=\"column\">\n\t\t\t<div class=\"elementor-widget-wrap elementor-element-populated\">\n\t\t\t\t\t\t<div class=\"elementor-element elementor-element-066067f elementor-widget elementor-widget-image\" data-id=\"066067f\" data-element_type=\"widget\" data-e-type=\"widget\" data-widget_type=\"image.default\">\n\t\t\t\t<div class=\"elementor-widget-container\">\n\t\t\t\t\t\t\t\t\t\t\t\t<figure class=\"wp-caption\">\n\t\t\t\t\t\t\t\t\t\t\t<a href=\"https:\/\/www.susannehenris.com\/blog\/fotograf\/babybauch-der-schoenste-bauch-der-welt\/\">\n\t\t\t\t\t\t\t<img fetchpriority=\"high\" decoding=\"async\" width=\"1274\" height=\"876\" src=\"https:\/\/www.susannehenris.com\/blog\/wp-content\/uploads\/2025\/01\/Bild-29.01.25-um-10.43-1.jpeg\" class=\"attachment-full size-full wp-image-3091\" alt=\"\" srcset=\"https:\/\/www.susannehenris.com\/blog\/wp-content\/uploads\/2025\/01\/Bild-29.01.25-um-10.43-1.jpeg 1274w, https:\/\/www.susannehenris.com\/blog\/wp-content\/uploads\/2025\/01\/Bild-29.01.25-um-10.43-1-300x206.jpeg 300w, https:\/\/www.susannehenris.com\/blog\/wp-content\/uploads\/2025\/01\/Bild-29.01.25-um-10.43-1-1024x704.jpeg 1024w, https:\/\/www.susannehenris.com\/blog\/wp-content\/uploads\/2025\/01\/Bild-29.01.25-um-10.43-1-768x528.jpeg 768w, https:\/\/www.susannehenris.com\/blog\/wp-content\/uploads\/2025\/01\/Bild-29.01.25-um-10.43-1-500x344.jpeg 500w, https:\/\/www.susannehenris.com\/blog\/wp-content\/uploads\/2025\/01\/Bild-29.01.25-um-10.43-1-800x550.jpeg 800w\" sizes=\"(max-width: 1274px) 100vw, 1274px\" \/>\t\t\t\t\t\t\t\t<\/a>\n\t\t\t\t\t\t\t\t\t\t\t<figcaption class=\"widget-image-caption wp-caption-text\">Babybauchbilder - Schwangerschaftfotografie<\/figcaption>\n\t\t\t\t\t\t\t\t\t\t<\/figure>\n\t\t\t\t\t\t\t\t\t<\/div>\n\t\t\t\t<\/div>\n\t\t\t\t<div class=\"elementor-element elementor-element-a45fbaa elementor-widget elementor-widget-text-editor\" data-id=\"a45fbaa\" data-element_type=\"widget\" data-e-type=\"widget\" data-widget_type=\"text-editor.default\">\n\t\t\t\t<div class=\"elementor-widget-container\">\n\t\t\t\t\t\t\t\t\t<h3><strong>Schwangerschaftsfotografie \u2013 Die Sch\u00f6nheit des Neubeginns<\/strong><\/h3><p>Die Zeit der Schwangerschaft ist einzigartig und voller Vorfreude. In meinen <strong>Babybauch-Shootings<\/strong> halte ich diese besondere Phase eures Lebens in stilvollen und nat\u00fcrlichen Bildern fest.<\/p><p>Egal, ob du dir ein Shooting in der Natur, bei dir zu Hause oder in meinem Studio w\u00fcnschst \u2013 wir finden gemeinsam die perfekte Umgebung, in der du dich wohlf\u00fchlst. Besonders sch\u00f6n sind Aufnahmen in den letzten Wochen der Schwangerschaft, wenn dein Babybauch seine volle Pracht entfaltet hat.<\/p><p>Mit sanften Lichtstimmungen, schmeichelhaften Posen und viel Einf\u00fchlungsverm\u00f6gen erschaffe ich Bilder, die deine Vorfreude und Liebe zum ungeborenen Kind widerspiegeln.<\/p>\t\t\t\t\t\t\t\t<\/div>\n\t\t\t\t<\/div>\n\t\t\t\t\t<\/div>\n\t\t<\/div>\n\t\t\t\t\t<\/div>\n\t\t<\/section>\n\t\t\t\t<section class=\"elementor-section elementor-top-section elementor-element elementor-element-33e40af elementor-section-boxed elementor-section-height-default elementor-section-height-default\" data-id=\"33e40af\" data-element_type=\"section\" data-e-type=\"section\">\n\t\t\t\t\t\t<div class=\"elementor-container elementor-column-gap-default\">\n\t\t\t\t\t<div class=\"elementor-column elementor-col-100 elementor-top-column elementor-element elementor-element-cb444ee\" data-id=\"cb444ee\" data-element_type=\"column\" data-e-type=\"column\">\n\t\t\t<div class=\"elementor-widget-wrap elementor-element-populated\">\n\t\t\t\t\t\t<div class=\"elementor-element elementor-element-d364c85 elementor-widget elementor-widget-image\" data-id=\"d364c85\" data-element_type=\"widget\" data-e-type=\"widget\" data-widget_type=\"image.default\">\n\t\t\t\t<div class=\"elementor-widget-container\">\n\t\t\t\t\t\t\t\t\t\t\t\t<figure class=\"wp-caption\">\n\t\t\t\t\t\t\t\t\t\t\t<a href=\"https:\/\/www.susannehenris.com\/blog\/fotograf\/neugeborenfotos-bilder-fuer-die-ewigkeit\/\">\n\t\t\t\t\t\t\t<img decoding=\"async\" width=\"660\" height=\"454\" src=\"https:\/\/www.susannehenris.com\/blog\/wp-content\/uploads\/2025\/01\/Bild-29.01.25-um-10.50-1-1024x704.jpeg\" class=\"attachment-large size-large wp-image-3090\" alt=\"\" srcset=\"https:\/\/www.susannehenris.com\/blog\/wp-content\/uploads\/2025\/01\/Bild-29.01.25-um-10.50-1-1024x704.jpeg 1024w, https:\/\/www.susannehenris.com\/blog\/wp-content\/uploads\/2025\/01\/Bild-29.01.25-um-10.50-1-300x206.jpeg 300w, https:\/\/www.susannehenris.com\/blog\/wp-content\/uploads\/2025\/01\/Bild-29.01.25-um-10.50-1-768x528.jpeg 768w, https:\/\/www.susannehenris.com\/blog\/wp-content\/uploads\/2025\/01\/Bild-29.01.25-um-10.50-1-500x344.jpeg 500w, https:\/\/www.susannehenris.com\/blog\/wp-content\/uploads\/2025\/01\/Bild-29.01.25-um-10.50-1-800x550.jpeg 800w, https:\/\/www.susannehenris.com\/blog\/wp-content\/uploads\/2025\/01\/Bild-29.01.25-um-10.50-1.jpeg 1274w\" sizes=\"(max-width: 660px) 100vw, 660px\" \/>\t\t\t\t\t\t\t\t<\/a>\n\t\t\t\t\t\t\t\t\t\t\t<figcaption class=\"widget-image-caption wp-caption-text\">Neugeborenenfotos - klassisch im Studio<\/figcaption>\n\t\t\t\t\t\t\t\t\t\t<\/figure>\n\t\t\t\t\t\t\t\t\t<\/div>\n\t\t\t\t<\/div>\n\t\t\t\t\t<\/div>\n\t\t<\/div>\n\t\t\t\t\t<\/div>\n\t\t<\/section>\n\t\t\t\t<section class=\"elementor-section elementor-top-section elementor-element elementor-element-33c5383 elementor-section-boxed elementor-section-height-default elementor-section-height-default\" data-id=\"33c5383\" data-element_type=\"section\" data-e-type=\"section\">\n\t\t\t\t\t\t<div class=\"elementor-container elementor-column-gap-default\">\n\t\t\t\t\t<div class=\"elementor-column elementor-col-100 elementor-top-column elementor-element elementor-element-e94bdfe\" data-id=\"e94bdfe\" data-element_type=\"column\" data-e-type=\"column\">\n\t\t\t<div class=\"elementor-widget-wrap elementor-element-populated\">\n\t\t\t\t\t\t<div class=\"elementor-element elementor-element-79f66ff elementor-widget elementor-widget-text-editor\" data-id=\"79f66ff\" data-element_type=\"widget\" data-e-type=\"widget\" data-widget_type=\"text-editor.default\">\n\t\t\t\t<div class=\"elementor-widget-container\">\n\t\t\t\t\t\t\t\t\t<h2><strong>Neugeborenenfotografie \u2013 Zarte Erinnerungen an die ersten Lebenstage<\/strong><\/h2><p>Die ersten Tage mit einem Neugeborenen sind magisch \u2013 und gleichzeitig so verg\u00e4nglich. In meinen <strong>Neugeborenenshootings<\/strong> halte ich diese wertvollen Augenblicke fest, damit du sie f\u00fcr immer bewahren kannst.<\/p>\t\t\t\t\t\t\t\t<\/div>\n\t\t\t\t<\/div>\n\t\t\t\t\t<\/div>\n\t\t<\/div>\n\t\t\t\t\t<\/div>\n\t\t<\/section>\n\t\t\t\t<section class=\"elementor-section elementor-top-section elementor-element elementor-element-7373f93 elementor-section-boxed elementor-section-height-default elementor-section-height-default\" data-id=\"7373f93\" data-element_type=\"section\" data-e-type=\"section\">\n\t\t\t\t\t\t<div class=\"elementor-container elementor-column-gap-default\">\n\t\t\t\t\t<div class=\"elementor-column elementor-col-100 elementor-top-column elementor-element elementor-element-22bee12\" data-id=\"22bee12\" data-element_type=\"column\" data-e-type=\"column\">\n\t\t\t<div class=\"elementor-widget-wrap elementor-element-populated\">\n\t\t\t\t\t\t<div class=\"elementor-element elementor-element-11c59f6 elementor-widget elementor-widget-image\" data-id=\"11c59f6\" data-element_type=\"widget\" data-e-type=\"widget\" data-widget_type=\"image.default\">\n\t\t\t\t<div class=\"elementor-widget-container\">\n\t\t\t\t\t\t\t\t\t\t\t\t<figure class=\"wp-caption\">\n\t\t\t\t\t\t\t\t\t\t\t<a href=\"https:\/\/www.susannehenris.com\/blog\/fotograf\/mit-dem-baby-daheim-portfolio\/\">\n\t\t\t\t\t\t\t<img decoding=\"async\" width=\"660\" height=\"454\" src=\"https:\/\/www.susannehenris.com\/blog\/wp-content\/uploads\/2025\/01\/Bild-29.01.25-um-11.34-2-1024x704.jpeg\" class=\"attachment-large size-large wp-image-3089\" alt=\"\" srcset=\"https:\/\/www.susannehenris.com\/blog\/wp-content\/uploads\/2025\/01\/Bild-29.01.25-um-11.34-2-1024x704.jpeg 1024w, https:\/\/www.susannehenris.com\/blog\/wp-content\/uploads\/2025\/01\/Bild-29.01.25-um-11.34-2-300x206.jpeg 300w, https:\/\/www.susannehenris.com\/blog\/wp-content\/uploads\/2025\/01\/Bild-29.01.25-um-11.34-2-768x528.jpeg 768w, https:\/\/www.susannehenris.com\/blog\/wp-content\/uploads\/2025\/01\/Bild-29.01.25-um-11.34-2-500x344.jpeg 500w, https:\/\/www.susannehenris.com\/blog\/wp-content\/uploads\/2025\/01\/Bild-29.01.25-um-11.34-2-800x550.jpeg 800w, https:\/\/www.susannehenris.com\/blog\/wp-content\/uploads\/2025\/01\/Bild-29.01.25-um-11.34-2.jpeg 1274w\" sizes=\"(max-width: 660px) 100vw, 660px\" \/>\t\t\t\t\t\t\t\t<\/a>\n\t\t\t\t\t\t\t\t\t\t\t<figcaption class=\"widget-image-caption wp-caption-text\">Neugeborenenfotos - Mit dem Baby daheim - Homestory<\/figcaption>\n\t\t\t\t\t\t\t\t\t\t<\/figure>\n\t\t\t\t\t\t\t\t\t<\/div>\n\t\t\t\t<\/div>\n\t\t\t\t<div class=\"elementor-element elementor-element-c385938 elementor-widget elementor-widget-text-editor\" data-id=\"c385938\" data-element_type=\"widget\" data-e-type=\"widget\" data-widget_type=\"text-editor.default\">\n\t\t\t\t<div class=\"elementor-widget-container\">\n\t\t\t\t\t\t\t\t\t<p>Besonders beliebt sind <strong>nat\u00fcrliche Homestorys<\/strong>, bei denen ich euch in eurem vertrauten Umfeld fotografiere. In entspannter Atmosph\u00e4re entstehen liebevolle und authentische Bilder, die euer Baby genau so zeigen, wie es ist \u2013 winzig klein, friedlich schlafend oder neugierig die Welt erkundend.<\/p><p>Ich lege gro\u00dfen Wert darauf, dass das Shooting ohne Stress und in eurem Tempo abl\u00e4uft. Mit viel Geduld und Feingef\u00fchl fange ich die kleinen Details ein \u2013 die winzigen Finger, die zarten Wimpern und die bedingungslose Liebe zwischen euch und eurem Baby.<\/p>\t\t\t\t\t\t\t\t<\/div>\n\t\t\t\t<\/div>\n\t\t\t\t<div class=\"elementor-element elementor-element-d86bbd2 elementor-widget elementor-widget-image\" data-id=\"d86bbd2\" data-element_type=\"widget\" data-e-type=\"widget\" data-widget_type=\"image.default\">\n\t\t\t\t<div class=\"elementor-widget-container\">\n\t\t\t\t\t\t\t\t\t\t\t\t<figure class=\"wp-caption\">\n\t\t\t\t\t\t\t\t\t\t\t<a href=\"https:\/\/www.susannehenris.com\/blog\/fotograf\/kinderundkleinkinder\/\">\n\t\t\t\t\t\t\t<img loading=\"lazy\" decoding=\"async\" width=\"660\" height=\"454\" src=\"https:\/\/www.susannehenris.com\/blog\/wp-content\/uploads\/2025\/01\/Bild-29.01.25-um-11.34-1-1-1024x704.jpeg\" class=\"attachment-large size-large wp-image-3088\" alt=\"\" srcset=\"https:\/\/www.susannehenris.com\/blog\/wp-content\/uploads\/2025\/01\/Bild-29.01.25-um-11.34-1-1-1024x704.jpeg 1024w, https:\/\/www.susannehenris.com\/blog\/wp-content\/uploads\/2025\/01\/Bild-29.01.25-um-11.34-1-1-300x206.jpeg 300w, https:\/\/www.susannehenris.com\/blog\/wp-content\/uploads\/2025\/01\/Bild-29.01.25-um-11.34-1-1-768x528.jpeg 768w, https:\/\/www.susannehenris.com\/blog\/wp-content\/uploads\/2025\/01\/Bild-29.01.25-um-11.34-1-1-500x344.jpeg 500w, https:\/\/www.susannehenris.com\/blog\/wp-content\/uploads\/2025\/01\/Bild-29.01.25-um-11.34-1-1-800x550.jpeg 800w, https:\/\/www.susannehenris.com\/blog\/wp-content\/uploads\/2025\/01\/Bild-29.01.25-um-11.34-1-1.jpeg 1274w\" sizes=\"(max-width: 660px) 100vw, 660px\" \/>\t\t\t\t\t\t\t\t<\/a>\n\t\t\t\t\t\t\t\t\t\t\t<figcaption class=\"widget-image-caption wp-caption-text\">Kinderfotografie - Babys, Kinder &amp; Kleinkinder<\/figcaption>\n\t\t\t\t\t\t\t\t\t\t<\/figure>\n\t\t\t\t\t\t\t\t\t<\/div>\n\t\t\t\t<\/div>\n\t\t\t\t<div class=\"elementor-element elementor-element-097fceb elementor-widget elementor-widget-text-editor\" data-id=\"097fceb\" data-element_type=\"widget\" data-e-type=\"widget\" data-widget_type=\"text-editor.default\">\n\t\t\t\t<div class=\"elementor-widget-container\">\n\t\t\t\t\t\t\t\t\t<h2><strong>Kinderfotografie &amp; Familienfotografie \u2013 Eure Liebe in Bildern verewigt<\/strong><\/h2><p>Das Leben mit Kindern ist voller einzigartiger Momente \u2013 manchmal laut, manchmal leise, aber immer voller Liebe. Genau diese <strong>Echtheit und W\u00e4rme<\/strong> m\u00f6chte ich in meinen Familienfotos festhalten.<\/p><p>Bei meinen Fototerminen geht es nicht um gestellte Posen, sondern um <strong>echte Emotionen<\/strong>. Ihr sollt euch wohlf\u00fchlen, lachen, kuscheln und gemeinsam Spa\u00df haben \u2013 so entstehen die sch\u00f6nsten und nat\u00fcrlichsten Familienbilder.<\/p><p>Ob drau\u00dfen in der Natur, bei einem Spaziergang oder ganz gem\u00fctlich bei dir zu Hause \u2013 ich begleite euch genau dort, wo ihr euch am wohlsten f\u00fchlt.<\/p><p>Die entstandenen Bilder werden euch noch viele Jahre lang begleiten und euch immer wieder an diese besonderen Momente erinnern.<\/p>\t\t\t\t\t\t\t\t<\/div>\n\t\t\t\t<\/div>\n\t\t\t\t\t<\/div>\n\t\t<\/div>\n\t\t\t\t\t<\/div>\n\t\t<\/section>\n\t\t\t\t<section class=\"elementor-section elementor-top-section elementor-element elementor-element-9dc1ed2 elementor-section-boxed elementor-section-height-default elementor-section-height-default\" data-id=\"9dc1ed2\" data-element_type=\"section\" data-e-type=\"section\">\n\t\t\t\t\t\t<div class=\"elementor-container elementor-column-gap-default\">\n\t\t\t\t\t<div class=\"elementor-column elementor-col-100 elementor-top-column elementor-element elementor-element-c0106c0\" data-id=\"c0106c0\" data-element_type=\"column\" data-e-type=\"column\">\n\t\t\t<div class=\"elementor-widget-wrap elementor-element-populated\">\n\t\t\t\t\t\t<div class=\"elementor-element elementor-element-85ef747 elementor-widget elementor-widget-text-editor\" data-id=\"85ef747\" data-element_type=\"widget\" data-e-type=\"widget\" data-widget_type=\"text-editor.default\">\n\t\t\t\t<div class=\"elementor-widget-container\">\n\t\t\t\t\t\t\t\t\t<h2><strong>Warum emotionale Fotografie so wertvoll ist<\/strong><\/h2><p>Jede Familie hat ihre eigene Geschichte \u2013 und ich liebe es, sie mit meiner Kamera zu erz\u00e4hlen. <strong>Ein gutes Foto ist mehr als nur ein sch\u00f6nes Bild. Es weckt Erinnerungen, Gef\u00fchle und erz\u00e4hlt von der Liebe, die euch verbindet.<\/strong><\/p><p>Deshalb setze ich auf eine <strong>authentische und zeitlose Bildsprache<\/strong>. Ich arbeite mit nat\u00fcrlichem Licht, unaufdringlichen Farben und echten Emotionen \u2013 so entstehen Aufnahmen, die auch nach vielen Jahren noch ihre Wirkung behalten.<\/p><h2><strong>Lass dich inspirieren \u2013 dein pers\u00f6nliches Fotoshooting wartet auf dich<\/strong><\/h2><p>Ich lade dich ein, dich durch mein Portfolio inspirieren zu lassen und einen Eindruck von meinem Stil zu bekommen. Wenn du dir <strong>wundersch\u00f6ne Erinnerungsfotos<\/strong> w\u00fcnschst, melde dich gerne bei mir. Gemeinsam besprechen wir deine Vorstellungen und finden das perfekte Konzept f\u00fcr dein Shooting.<\/p><p>Ich freue mich darauf, <strong>deine besonderen Momente f\u00fcr die Ewigkeit festzuhalten<\/strong>!<\/p>\t\t\t\t\t\t\t\t<\/div>\n\t\t\t\t<\/div>\n\t\t\t\t\t<\/div>\n\t\t<\/div>\n\t\t\t\t\t<\/div>\n\t\t<\/section>\n\t\t\t\t<section class=\"elementor-section elementor-top-section elementor-element elementor-element-2177fc5 elementor-section-content-middle elementor-section-boxed elementor-section-height-default elementor-section-height-default\" data-id=\"2177fc5\" data-element_type=\"section\" data-e-type=\"section\">\n\t\t\t\t\t\t<div class=\"elementor-container elementor-column-gap-default\">\n\t\t\t\t\t<div class=\"elementor-column elementor-col-100 elementor-top-column elementor-element elementor-element-4f303e8\" data-id=\"4f303e8\" data-element_type=\"column\" data-e-type=\"column\">\n\t\t\t<div class=\"elementor-widget-wrap elementor-element-populated\">\n\t\t\t\t\t\t<div class=\"elementor-element elementor-element-190bcb3 elementor-widget__width-inherit elementor-widget elementor-widget-text-editor\" data-id=\"190bcb3\" data-element_type=\"widget\" data-e-type=\"widget\" data-widget_type=\"text-editor.default\">\n\t\t\t\t<div class=\"elementor-widget-container\">\n\t\t\t\t\t\t\t\t\t<p>\u00a0<\/p><p style=\"text-align: center;\">Jedes Bild erz\u00e4hlt eine Geschichte \u2013 voller Emotionen, N\u00e4he und Liebe. In meinen Fotogalerien findest du eine Auswahl meiner Arbeiten in den Bereichen <strong>Schwangerschaft, Neugeborenen- und Familienfotografie<\/strong>. Mein Ziel ist es, <strong>authentische und zeitlose Aufnahmen<\/strong> zu schaffen, die eure einzigartigen Momente f\u00fcr immer bewahren.<\/p><p>Ob <strong>Babybauch-Shooting, Neugeborenenfotos oder nat\u00fcrliche Familienbilder<\/strong> \u2013 hier kannst du dich inspirieren lassen und einen Einblick in meinen fotografischen Stil bekommen. Ich arbeite mit viel Feingef\u00fchl und Geduld, um besondere Erinnerungen zu erschaffen, die euch ein Leben lang begleiten.<\/p><p>M\u00f6chtest du auch <strong>wundervolle Bilder<\/strong> von dir und deiner Familie? Dann melde dich gerne bei mir \u2013 ich freue mich darauf, euch kennenzulernen!<\/p><p>\u00a0<\/p>\t\t\t\t\t\t\t\t<\/div>\n\t\t\t\t<\/div>\n\t\t\t\t\t<\/div>\n\t\t<\/div>\n\t\t\t\t\t<\/div>\n\t\t<\/section>\n\t\t\t\t<section class=\"elementor-section elementor-top-section elementor-element elementor-element-585854c elementor-section-boxed elementor-section-height-default elementor-section-height-default\" data-id=\"585854c\" data-element_type=\"section\" data-e-type=\"section\">\n\t\t\t\t\t\t<div class=\"elementor-container elementor-column-gap-default\">\n\t\t\t\t\t<div class=\"elementor-column elementor-col-100 elementor-top-column elementor-element elementor-element-e1de0c1\" data-id=\"e1de0c1\" data-element_type=\"column\" data-e-type=\"column\">\n\t\t\t<div class=\"elementor-widget-wrap\">\n\t\t\t\t\t\t\t<\/div>\n\t\t<\/div>\n\t\t\t\t\t<\/div>\n\t\t<\/section>\n\t\t\t\t<\/div>\n\t\t","protected":false},"excerpt":{"rendered":"<p>ENTDECKE MEIN PORTFOLIO<\/p>\n<p>authentische und emotionale Fotogalerien von Schwangerschaft, Neugeborenen und Familien.<\/p>\n","protected":false},"author":2,"featured_media":2833,"parent":0,"menu_order":0,"comment_status":"closed","ping_status":"closed","template":"","meta":{"_mo_disable_npp":"","_vp_format_video_url":"","_vp_image_focal_point":[],"footnotes":""},"class_list":["post-2968","page","type-page","status-publish","has-post-thumbnail","hentry"],"_links":{"self":[{"href":"https:\/\/www.susannehenris.com\/blog\/wp-json\/wp\/v2\/pages\/2968","targetHints":{"allow":["GET"]}}],"collection":[{"href":"https:\/\/www.susannehenris.com\/blog\/wp-json\/wp\/v2\/pages"}],"about":[{"href":"https:\/\/www.susannehenris.com\/blog\/wp-json\/wp\/v2\/types\/page"}],"author":[{"embeddable":true,"href":"https:\/\/www.susannehenris.com\/blog\/wp-json\/wp\/v2\/users\/2"}],"replies":[{"embeddable":true,"href":"https:\/\/www.susannehenris.com\/blog\/wp-json\/wp\/v2\/comments?post=2968"}],"version-history":[{"count":0,"href":"https:\/\/www.susannehenris.com\/blog\/wp-json\/wp\/v2\/pages\/2968\/revisions"}],"wp:featuredmedia":[{"embeddable":true,"href":"https:\/\/www.susannehenris.com\/blog\/wp-json\/wp\/v2\/media\/2833"}],"wp:attachment":[{"href":"https:\/\/www.susannehenris.com\/blog\/wp-json\/wp\/v2\/media?parent=2968"}],"curies":[{"name":"wp","href":"https:\/\/api.w.org\/{rel}","templated":true}]}}